{"id":51,"date":"2023-10-12T01:13:02","date_gmt":"2023-10-11T23:13:02","guid":{"rendered":"https:\/\/melbaconception.fr\/?page_id=51"},"modified":"2025-12-10T14:45:25","modified_gmt":"2025-12-10T13:45:25","slug":"terrains-maisons","status":"publish","type":"page","link":"https:\/\/melbaconception.fr\/index.php\/terrains-maisons\/","title":{"rendered":"Terrains + Maisons"},"content":{"rendered":"\n<p class=\"has-text-align-center\">Simply by Melba conception <\/p>\n\n\n\n<figure class=\"wp-block-video\"><video height=\"1080\" style=\"aspect-ratio: 1920 \/ 1080;\" width=\"1920\" controls src=\"https:\/\/melbaconception.fr\/wp-content\/uploads\/2025\/12\/simply-by-Melba-2.mp4\"><\/video><\/figure>\n\n\n\n<p>~~~~~~~~~~~~~~~~~~~~~~~~~~~~~~~~~~~~~~~~~~~~~~~~~~~~~~~~~~~~<\/p>\n\n\n\n<figure class=\"wp-block-video\"><video height=\"1080\" style=\"aspect-ratio: 1920 \/ 1080;\" width=\"1920\" controls src=\"https:\/\/melbaconception.fr\/wp-content\/uploads\/2025\/12\/Melba-Conception-votre-maison-cle-en-main.mp4\"><\/video><\/figure>\n\n\n\n<p>~~~~~~~~~~~~~~~~~~~~~~~~~~~~~~~~~~~~~~~~~~~~~~~~~~~~~~~~~~~~~<\/p>\n\n\n\n<p class=\"has-text-align-center\">Simulation de construction sur la commune de Saintes<\/p>\n\n\n\n<figure class=\"wp-block-embed is-type-rich is-provider-canva wp-block-embed-canva\"><div class=\"wp-block-embed__wrapper\">\n<iframe loading=\"lazy\" title=\"Votre future construction sur la commune de saintes\" src=\"https:\/\/www.canva.com\/design\/DAG2-twn0cg\/mDoADd6bM26xdAiPFNGxQw\/view?embed&amp;meta\" height=\"281\" width=\"500\" style=\"border: none; border-radius: 8px; width: 500px; height: 281px;\" allowfullscreen=\"allowfullscreen\" allow=\"fullscreen\"><\/iframe>\n<\/div><\/figure>\n\n\n\n<p><a href=\"https:\/\/www.canva.com\/design\/DAG2-twn0cg\/mDoADd6bM26xdAiPFNGxQw\/view?utm_content=DAG2-twn0cg&amp;utm_campaign=designshare&amp;utm_medium=embeds&amp;utm_source=link\" target=\"_blank\" rel=\"noreferrer noopener\">Votre future construction sur la commune de saintes<\/a> par anais blanchet<\/p>\n\n\n\n<p>~~~~~~~~~~~~~~~~~~~~~~~~~~~~~~~~~~~~~~~~~~~~~~~~~~~~~~~~~~~~<\/p>\n\n\n\n<p class=\"has-text-align-center\">Simulation de construction sur la commune de Meursac <\/p>\n\n\n\n<figure class=\"wp-block-video\"><video height=\"1080\" style=\"aspect-ratio: 1920 \/ 1080;\" width=\"1920\" controls src=\"https:\/\/melbaconception.fr\/wp-content\/uploads\/2025\/12\/Votre-maison-de-ville-a-la-campagne-au-plus-pres-de-la-mer-meursac-.mp4\"><\/video><\/figure>\n\n\n\n<p>~~~~~~~~~~~~~~~~~~~~~~~~~~~~~~~~~~~~~~~~~~~~~~~~~~~~~~~~~~~~~<\/p>\n\n\n\n<p class=\"has-text-align-center\">Simulation de construction sur la commune de M\u00e9dis :<\/p>\n\n\n\n<figure class=\"wp-block-video\"><video height=\"1080\" style=\"aspect-ratio: 1920 \/ 1080;\" width=\"1920\" controls src=\"https:\/\/melbaconception.fr\/wp-content\/uploads\/2025\/12\/Votre-future-construction-sur-la-commune-de-Medis.mp4\"><\/video><\/figure>\n\n\n\n<p>~~~~~~~~~~~~~~~~~~~~~~~~~~~~~~~~~~~~~~~~~~~~~~~~~~~~~~~~~~~~~<\/p>\n\n\n\n<p class=\"has-text-align-center\">Simulation de construction sur la commune de les Mathes<\/p>\n\n\n\n<figure class=\"wp-block-image size-large\"><img loading=\"lazy\" decoding=\"async\" width=\"1024\" height=\"576\" src=\"https:\/\/melbaconception.fr\/wp-content\/uploads\/2025\/10\/maison-90-m\u00b2-avec-garage-au-mathes-1024x576.jpg\" alt=\"\" class=\"wp-image-267\" srcset=\"https:\/\/melbaconception.fr\/wp-content\/uploads\/2025\/10\/maison-90-m\u00b2-avec-garage-au-mathes-1024x576.jpg 1024w, https:\/\/melbaconception.fr\/wp-content\/uploads\/2025\/10\/maison-90-m\u00b2-avec-garage-au-mathes-300x169.jpg 300w, https:\/\/melbaconception.fr\/wp-content\/uploads\/2025\/10\/maison-90-m\u00b2-avec-garage-au-mathes-768x432.jpg 768w, https:\/\/melbaconception.fr\/wp-content\/uploads\/2025\/10\/maison-90-m\u00b2-avec-garage-au-mathes-1536x864.jpg 1536w, https:\/\/melbaconception.fr\/wp-content\/uploads\/2025\/10\/maison-90-m\u00b2-avec-garage-au-mathes.jpg 1920w\" sizes=\"auto, (max-width: 1024px) 100vw, 1024px\" \/><\/figure>\n\n\n\n<p>~~~~~~~~~~~~~~~~~~~~~~~~~~~~~~~~~~~~~~~~~~~~~~~~~~~~~~~~~~~~~<\/p>\n\n\n\n<p class=\"has-text-align-center\">Simulation de construction sur la commune de le Thou :<\/p>\n\n\n\n<figure class=\"wp-block-image size-large\"><img loading=\"lazy\" decoding=\"async\" width=\"1024\" height=\"576\" src=\"https:\/\/melbaconception.fr\/wp-content\/uploads\/2025\/09\/Maison-pour-pub-de-monsieur-lameiro-1024x576.jpg\" alt=\"\" class=\"wp-image-221\" srcset=\"https:\/\/melbaconception.fr\/wp-content\/uploads\/2025\/09\/Maison-pour-pub-de-monsieur-lameiro-1024x576.jpg 1024w, https:\/\/melbaconception.fr\/wp-content\/uploads\/2025\/09\/Maison-pour-pub-de-monsieur-lameiro-300x169.jpg 300w, https:\/\/melbaconception.fr\/wp-content\/uploads\/2025\/09\/Maison-pour-pub-de-monsieur-lameiro-768x432.jpg 768w, https:\/\/melbaconception.fr\/wp-content\/uploads\/2025\/09\/Maison-pour-pub-de-monsieur-lameiro-1536x864.jpg 1536w, https:\/\/melbaconception.fr\/wp-content\/uploads\/2025\/09\/Maison-pour-pub-de-monsieur-lameiro.jpg 1920w\" sizes=\"auto, (max-width: 1024px) 100vw, 1024px\" \/><\/figure>\n\n\n\n<p>~~~~~~~~~~~~~~~~~~~~~~~~~~~~~~~~~~~~~~~~~~~~~~~~~~~~~~~~~~~~~<\/p>\n\n\n\n<p class=\"has-text-align-center\">Simulation de construction sur la commune de la Chapelle Des Pots :<\/p>\n\n\n\n<figure class=\"wp-block-image size-large\"><img loading=\"lazy\" decoding=\"async\" width=\"1024\" height=\"576\" src=\"https:\/\/melbaconception.fr\/wp-content\/uploads\/2023\/11\/Annonce-pour-lotissement-chapelle-des-pots-197-800E-tout-inclus-1024x576.jpg\" alt=\"\" class=\"wp-image-147\" srcset=\"https:\/\/melbaconception.fr\/wp-content\/uploads\/2023\/11\/Annonce-pour-lotissement-chapelle-des-pots-197-800E-tout-inclus-1024x576.jpg 1024w, https:\/\/melbaconception.fr\/wp-content\/uploads\/2023\/11\/Annonce-pour-lotissement-chapelle-des-pots-197-800E-tout-inclus-300x169.jpg 300w, https:\/\/melbaconception.fr\/wp-content\/uploads\/2023\/11\/Annonce-pour-lotissement-chapelle-des-pots-197-800E-tout-inclus-768x432.jpg 768w, https:\/\/melbaconception.fr\/wp-content\/uploads\/2023\/11\/Annonce-pour-lotissement-chapelle-des-pots-197-800E-tout-inclus.jpg 1280w\" sizes=\"auto, (max-width: 1024px) 100vw, 1024px\" \/><\/figure>\n\n\n\n<p>~~~~~~~~~~~~~~~~~~~~~~~~~~~~~~~~~~~~~~~~~~~~~~~~~~~~~~~~~~~~~<\/p>\n\n\n\n<p class=\"has-text-align-center\">Simulation de construction sur la commune de Beauvais-Sur-Matha<\/p>\n\n\n\n<figure class=\"wp-block-image aligncenter size-large\"><img loading=\"lazy\" decoding=\"async\" width=\"1024\" height=\"576\" src=\"https:\/\/melbaconception.fr\/wp-content\/uploads\/2023\/11\/Diapositive15-1024x576.jpg\" alt=\"\" class=\"wp-image-133\" srcset=\"https:\/\/melbaconception.fr\/wp-content\/uploads\/2023\/11\/Diapositive15-1024x576.jpg 1024w, https:\/\/melbaconception.fr\/wp-content\/uploads\/2023\/11\/Diapositive15-300x169.jpg 300w, https:\/\/melbaconception.fr\/wp-content\/uploads\/2023\/11\/Diapositive15-768x432.jpg 768w, https:\/\/melbaconception.fr\/wp-content\/uploads\/2023\/11\/Diapositive15.jpg 1280w\" sizes=\"auto, (max-width: 1024px) 100vw, 1024px\" \/><\/figure>\n\n\n\n<figure class=\"wp-block-image aligncenter size-full is-resized\"><img loading=\"lazy\" decoding=\"async\" width=\"683\" height=\"284\" src=\"https:\/\/melbaconception.fr\/wp-content\/uploads\/2023\/11\/info-Beauvais-sur-Matha.jpg\" alt=\"\" class=\"wp-image-134\" style=\"width:281px;height:auto\" srcset=\"https:\/\/melbaconception.fr\/wp-content\/uploads\/2023\/11\/info-Beauvais-sur-Matha.jpg 683w, https:\/\/melbaconception.fr\/wp-content\/uploads\/2023\/11\/info-Beauvais-sur-Matha-300x125.jpg 300w\" sizes=\"auto, (max-width: 683px) 100vw, 683px\" \/><\/figure>\n\n\n\n<p class=\"has-text-align-center\">Il y a 7 terrains disponibles dans ce lotissement tr\u00e8s calme, une belle opportunit\u00e9s \u00e0 saisir!!<\/p>\n\n\n\n<p>~~~~~~~~~~~~~~~~~~~~~~~~~~~~~~~~~~~~~~~~~~~~~~~~~~~~~~~~~~~~~<\/p>\n\n\n\n<p class=\"has-text-align-center\"><strong>Pr\u00e8s de Saintes<\/strong><\/p>\n\n\n\n<p>\u00e0 15 min de saintes, un terrain Viabilis\u00e9, proche \u00e9cole, une parcelle cl\u00f4tur\u00e9 au 3\/4, et un double garage \u00e0 terminer<\/p>\n\n\n\n<figure class=\"wp-block-image size-large\"><img loading=\"lazy\" decoding=\"async\" width=\"1024\" height=\"576\" src=\"http:\/\/melbaconception.fr\/wp-content\/uploads\/2023\/10\/Annonce-le-boncoin-Soulignonne-1-1024x576.jpg\" alt=\"\" class=\"wp-image-20\" srcset=\"https:\/\/melbaconception.fr\/wp-content\/uploads\/2023\/10\/Annonce-le-boncoin-Soulignonne-1-1024x576.jpg 1024w, https:\/\/melbaconception.fr\/wp-content\/uploads\/2023\/10\/Annonce-le-boncoin-Soulignonne-1-300x169.jpg 300w, https:\/\/melbaconception.fr\/wp-content\/uploads\/2023\/10\/Annonce-le-boncoin-Soulignonne-1-768x432.jpg 768w, https:\/\/melbaconception.fr\/wp-content\/uploads\/2023\/10\/Annonce-le-boncoin-Soulignonne-1-1200x675.jpg 1200w, https:\/\/melbaconception.fr\/wp-content\/uploads\/2023\/10\/Annonce-le-boncoin-Soulignonne-1.jpg 1280w\" sizes=\"auto, (max-width: 1024px) 100vw, 1024px\" \/><\/figure>\n\n\n\n<figure class=\"wp-block-image aligncenter size-full is-resized\"><img loading=\"lazy\" decoding=\"async\" width=\"683\" height=\"284\" src=\"https:\/\/melbaconception.fr\/wp-content\/uploads\/2023\/10\/info-soulignonne.png\" alt=\"\" class=\"wp-image-52\" style=\"width:255px;height:106px\" srcset=\"https:\/\/melbaconception.fr\/wp-content\/uploads\/2023\/10\/info-soulignonne.png 683w, https:\/\/melbaconception.fr\/wp-content\/uploads\/2023\/10\/info-soulignonne-300x125.png 300w\" sizes=\"auto, (max-width: 683px) 100vw, 683px\" \/><\/figure>\n\n\n\n<p>~~~~~~~~~~~~~~~~~~~~~~~~~~~~~~~~~~~~~~~~~~~~~~~~~~~~~~~~~~~~~<\/p>\n\n\n\n<p class=\"has-text-align-center\"><strong>VILLEDOUX<\/strong><\/p>\n\n\n\n<figure class=\"wp-block-image size-large\"><img loading=\"lazy\" decoding=\"async\" width=\"1024\" height=\"576\" src=\"https:\/\/melbaconception.fr\/wp-content\/uploads\/2023\/11\/Annonce-le-boncoin-Villedoux.PPTX-1024x576.jpg\" alt=\"\" class=\"wp-image-145\" srcset=\"https:\/\/melbaconception.fr\/wp-content\/uploads\/2023\/11\/Annonce-le-boncoin-Villedoux.PPTX-1024x576.jpg 1024w, https:\/\/melbaconception.fr\/wp-content\/uploads\/2023\/11\/Annonce-le-boncoin-Villedoux.PPTX-300x169.jpg 300w, https:\/\/melbaconception.fr\/wp-content\/uploads\/2023\/11\/Annonce-le-boncoin-Villedoux.PPTX-768x432.jpg 768w, https:\/\/melbaconception.fr\/wp-content\/uploads\/2023\/11\/Annonce-le-boncoin-Villedoux.PPTX.jpg 1280w\" sizes=\"auto, (max-width: 1024px) 100vw, 1024px\" \/><\/figure>\n\n\n\n<p>~~~~~~~~~~~~~~~~~~~~~~~~~~~~~~~~~~~~~~~~~~~~~~~~~~~~~~~~~~~~~<\/p>\n\n\n\n<p class=\"has-text-align-center\"><strong>Saint-Martin-de-Saint-Maixent<\/strong><\/p>\n\n\n\n<figure class=\"wp-block-image size-large\"><img loading=\"lazy\" decoding=\"async\" width=\"1024\" height=\"576\" src=\"http:\/\/melbaconception.fr\/wp-content\/uploads\/2023\/10\/Annonce-Maison-neuve-242-000e-1024x576.jpg\" alt=\"\" class=\"wp-image-23\" srcset=\"https:\/\/melbaconception.fr\/wp-content\/uploads\/2023\/10\/Annonce-Maison-neuve-242-000e-1024x576.jpg 1024w, https:\/\/melbaconception.fr\/wp-content\/uploads\/2023\/10\/Annonce-Maison-neuve-242-000e-300x169.jpg 300w, https:\/\/melbaconception.fr\/wp-content\/uploads\/2023\/10\/Annonce-Maison-neuve-242-000e-768x432.jpg 768w, https:\/\/melbaconception.fr\/wp-content\/uploads\/2023\/10\/Annonce-Maison-neuve-242-000e-1200x675.jpg 1200w, https:\/\/melbaconception.fr\/wp-content\/uploads\/2023\/10\/Annonce-Maison-neuve-242-000e.jpg 1280w\" sizes=\"auto, (max-width: 1024px) 100vw, 1024px\" \/><\/figure>\n\n\n\n<p>~~~~~~~~~~~~~~~~~~~~~~~~~~~~~~~~~~~~~~~~~~~~~~~~~~~~~~~~~~~~~<\/p>\n\n\n\n<div style=\"height:59px\" aria-hidden=\"true\" class=\"wp-block-spacer\"><\/div>\n\n\n\n<figure class=\"wp-block-image size-large\"><img loading=\"lazy\" decoding=\"async\" width=\"1024\" height=\"576\" src=\"http:\/\/melbaconception.fr\/wp-content\/uploads\/2023\/10\/Annonce-Maison-neuve-260-000e-1024x576.jpg\" alt=\"\" class=\"wp-image-24\" srcset=\"https:\/\/melbaconception.fr\/wp-content\/uploads\/2023\/10\/Annonce-Maison-neuve-260-000e-1024x576.jpg 1024w, https:\/\/melbaconception.fr\/wp-content\/uploads\/2023\/10\/Annonce-Maison-neuve-260-000e-300x169.jpg 300w, https:\/\/melbaconception.fr\/wp-content\/uploads\/2023\/10\/Annonce-Maison-neuve-260-000e-768x432.jpg 768w, https:\/\/melbaconception.fr\/wp-content\/uploads\/2023\/10\/Annonce-Maison-neuve-260-000e-1200x675.jpg 1200w, https:\/\/melbaconception.fr\/wp-content\/uploads\/2023\/10\/Annonce-Maison-neuve-260-000e.jpg 1280w\" sizes=\"auto, (max-width: 1024px) 100vw, 1024px\" \/><\/figure>\n","protected":false},"excerpt":{"rendered":"<p>Simply by Melba conception ~~~~~~~~~~~~~~~~~~~~~~~~~~~~~~~~~~~~~~~~~~~~~~~~~~~~~~~~~~~~ ~~~~~~~~~~~~~~~~~~~~~~~~~~~~~~~~~~~~~~~~~~~~~~~~~~~~~~~~~~~~~ Simulation de construction sur la commune de Saintes Votre future construction sur la commune de saintes par anais blanchet ~~~~~~~~~~~~~~~~~~~~~~~~~~~~~~~~~~~~~~~~~~~~~~~~~~~~~~~~~~~~ Simulation de construction sur la commune de Meursac ~~~~~~~~~~~~~~~~~~~~~~~~~~~~~~~~~~~~~~~~~~~~~~~~~~~~~~~~~~~~~ Simulation de construction sur la commune de M\u00e9dis : ~~~~~~~~~~~~~~~~~~~~~~~~~~~~~~~~~~~~~~~~~~~~~~~~~~~~~~~~~~~~~ Simulation de construction sur la commune de les Mathes ~~~~~~~~~~~~~~~~~~~~~~~~~~~~~~~~~~~~~~~~~~~~~~~~~~~~~~~~~~~~~ [&hellip;]<\/p>\n","protected":false},"author":1,"featured_media":0,"parent":0,"menu_order":0,"comment_status":"closed","ping_status":"closed","template":"","meta":{"om_disable_all_campaigns":false,"_monsterinsights_skip_tracking":false,"_monsterinsights_sitenote_active":false,"_monsterinsights_sitenote_note":"","_monsterinsights_sitenote_category":0,"footnotes":""},"class_list":["post-51","page","type-page","status-publish","hentry"],"aioseo_notices":[],"jetpack_sharing_enabled":true,"jetpack-related-posts":[],"_links":{"self":[{"href":"https:\/\/melbaconception.fr\/index.php\/wp-json\/wp\/v2\/pages\/51","targetHints":{"allow":["GET"]}}],"collection":[{"href":"https:\/\/melbaconception.fr\/index.php\/wp-json\/wp\/v2\/pages"}],"about":[{"href":"https:\/\/melbaconception.fr\/index.php\/wp-json\/wp\/v2\/types\/page"}],"author":[{"embeddable":true,"href":"https:\/\/melbaconception.fr\/index.php\/wp-json\/wp\/v2\/users\/1"}],"replies":[{"embeddable":true,"href":"https:\/\/melbaconception.fr\/index.php\/wp-json\/wp\/v2\/comments?post=51"}],"version-history":[{"count":24,"href":"https:\/\/melbaconception.fr\/index.php\/wp-json\/wp\/v2\/pages\/51\/revisions"}],"predecessor-version":[{"id":346,"href":"https:\/\/melbaconception.fr\/index.php\/wp-json\/wp\/v2\/pages\/51\/revisions\/346"}],"wp:attachment":[{"href":"https:\/\/melbaconception.fr\/index.php\/wp-json\/wp\/v2\/media?parent=51"}],"curies":[{"name":"wp","href":"https:\/\/api.w.org\/{rel}","templated":true}]}}